{"id":5181,"date":"2023-06-29T08:42:05","date_gmt":"2023-06-29T06:42:05","guid":{"rendered":"https:\/\/future-shape.com\/portfolio-items\/pm-pflegeheim-traunreut-spatenstich\/"},"modified":"2023-09-29T10:34:42","modified_gmt":"2023-09-29T08:34:42","slug":"communique-de-presse-traunreut-pose-de-la-premiere-pierre","status":"publish","type":"avada_portfolio","link":"https:\/\/future-shape.com\/fr\/portfolio-items\/communique-de-presse-traunreut-pose-de-la-premiere-pierre\/","title":{"rendered":"Communiqu\u00e9 de presse Traunreut : pose de la premi\u00e8re pierre"},"content":{"rendered":"<p><\/p><div class=\"fusion-fullwidth fullwidth-box fusion-builder-row-1 fusion-flex-container has-pattern-background has-mask-background nonhundred-percent-fullwidth non-hundred-percent-height-scrolling gradient-container-1\" style=\"--awb-border-radius-top-left:0px;--awb-border-radius-top-right:0px;--awb-border-radius-bottom-right:0px;--awb-border-radius-bottom-left:0px;--awb-flex-wrap:wrap;\"><div class=\"fusion-builder-row fusion-row fusion-flex-align-items-flex-start fusion-flex-content-wrap\" style=\"max-width:1352px;margin-left: calc(-4% \/ 2 );margin-right: calc(-4% \/ 2 );\"><div class=\"fusion-layout-column fusion_builder_column fusion-builder-column-0 fusion_builder_column_1_1 1_1 fusion-flex-column\" style=\"--awb-bg-size:cover;--awb-width-large:100%;--awb-margin-top-large:0px;--awb-spacing-right-large:1.92%;--awb-margin-bottom-large:20px;--awb-spacing-left-large:1.92%;--awb-width-medium:100%;--awb-order-medium:0;--awb-spacing-right-medium:1.92%;--awb-spacing-left-medium:1.92%;--awb-width-small:100%;--awb-order-small:0;--awb-spacing-right-small:1.92%;--awb-spacing-left-small:1.92%;\"><div class=\"fusion-column-wrapper fusion-column-has-shadow fusion-flex-justify-content-flex-start fusion-content-layout-column\"><div class=\"fusion-title title fusion-title-1 fusion-sep-none fusion-title-text fusion-title-size-one\" style=\"--awb-margin-top-small:10px;--awb-margin-right-small:0px;--awb-margin-bottom-small:10px;--awb-margin-left-small:0px;\"><h1 class=\"fusion-title-heading title-heading-left\" style=\"margin:0;text-transform:none;\">Pose de la pemi\u00e8re pierre \u00e0 Traunreut<\/h1><\/div><div class=\"fusion-text fusion-text-1\"><p>Le 3 mai 2022, Future-Shape a c\u00e9l\u00e9\u00adb\u00adr\u00e9 avec les par\u00adten\u00adaires du pro\u00adjet et le mai\u00adre-adjoint de Traun\u00adreut, M. Schroll, <strong>la pose de la pre\u00admi\u00e8\u00adre pierre pour la con\u00ads\u00adtruc\u00adtion d\u2019u\u00adne nou\u00advel\u00adle mai\u00adson de soins ultra\u00admo\u00adder\u00adne<\/strong>. Sur le ter\u00adrain de 2.850 m\u00b2 situ\u00e9 dans la West\u00adend\u00adstra\u00ad\u00dfe \u00e0 Traun\u00adreut, un pro\u00adjet pha\u00adre d\u2019ha\u00adbi\u00adtat adap\u00adt\u00e9 aux per\u00adson\u00adnes \u00e2g\u00e9es avec 99 lits est en train de voir le jour. L\u2019ob\u00adjet dev\u00adrait \u00eatre pr\u00eat \u00e0 \u00eatre occu\u00adp\u00e9 fin 2023 et sera con\u00adstruit avec une hau\u00adte effi\u00adca\u00adci\u00adt\u00e9 \u00e9ner\u00adg\u00e9\u00adtique selon la nor\u00adme KfW 40. Le chauf\u00adfa\u00adge sera \u00e9ga\u00adle\u00adment \u00e9co\u00adlo\u00adgi\u00adque, avec du chauf\u00adfa\u00adge urbain pro\u00adven\u00adant de l\u2019u\u00adsi\u00adne g\u00e9o\u00adther\u00admi\u00adque de Traun\u00adreut. Le nou\u00adveau b\u00e2ti\u00adment moder\u00adne ne se distin\u00adgue pas seu\u00adle\u00adment par son effi\u00adca\u00adci\u00adt\u00e9 \u00e9ner\u00adg\u00e9\u00adtique, qui n\u2019a pas son pareil dans le domaine des soins, mais con\u00advainc \u00e9ga\u00adle\u00adment \u00e0 l\u2019in\u00adt\u00e9\u00adri\u00adeur du b\u00e2ti\u00adment par sa tech\u00adni\u00adque ultra\u00admo\u00adder\u00adne et son con\u00adcept bien&nbsp;pens\u00e9.<\/p>\n<\/div><\/div><\/div><\/div><\/div><div class=\"fusion-fullwidth fullwidth-box fusion-builder-row-2 fusion-flex-container has-pattern-background has-mask-background nonhundred-percent-fullwidth non-hundred-percent-height-scrolling gradient-container-2\" style=\"--awb-border-radius-top-left:0px;--awb-border-radius-top-right:0px;--awb-border-radius-bottom-right:0px;--awb-border-radius-bottom-left:0px;--awb-flex-wrap:wrap;\"><div class=\"fusion-builder-row fusion-row fusion-flex-align-items-flex-start fusion-flex-content-wrap\" style=\"max-width:1352px;margin-left: calc(-4% \/ 2 );margin-right: calc(-4% \/ 2 );\"><div class=\"fusion-layout-column fusion_builder_column fusion-builder-column-1 fusion_builder_column_1_2 1_2 fusion-flex-column\" style=\"--awb-bg-size:cover;--awb-width-large:50%;--awb-margin-top-large:0px;--awb-spacing-right-large:3.84%;--awb-margin-bottom-large:20px;--awb-spacing-left-large:3.84%;--awb-width-medium:50%;--awb-order-medium:0;--awb-spacing-right-medium:3.84%;--awb-spacing-left-medium:3.84%;--awb-width-small:100%;--awb-order-small:0;--awb-spacing-right-small:1.92%;--awb-spacing-left-small:1.92%;\"><div class=\"fusion-column-wrapper fusion-column-has-shadow fusion-flex-justify-content-flex-start fusion-content-layout-column\"><div class=\"fusion-image-element \" style=\"--awb-caption-title-font-family:var(--h2_typography-font-family);--awb-caption-title-font-weight:var(--h2_typography-font-weight);--awb-caption-title-font-style:var(--h2_typography-font-style);--awb-caption-title-size:var(--h2_typography-font-size);--awb-caption-title-transform:var(--h2_typography-text-transform);--awb-caption-title-line-height:var(--h2_typography-line-height);--awb-caption-title-letter-spacing:var(--h2_typography-letter-spacing);\"><span class=\" fusion-imageframe imageframe-none imageframe-1 hover-type-none\"><img decoding=\"async\" width=\"800\" height=\"1200\" title=\"binary comment\" src=\"https:\/\/future-shape.com\/wp-content\/uploads\/2023\/06\/4-Spatenstich-Pflegeeinrichtung-Traunreut.jpg\" alt class=\"img-responsive wp-image-4872\" srcset=\"https:\/\/future-shape.com\/wp-content\/uploads\/2023\/06\/4-Spatenstich-Pflegeeinrichtung-Traunreut-200x300.jpg 200w, https:\/\/future-shape.com\/wp-content\/uploads\/2023\/06\/4-Spatenstich-Pflegeeinrichtung-Traunreut-400x600.jpg 400w, https:\/\/future-shape.com\/wp-content\/uploads\/2023\/06\/4-Spatenstich-Pflegeeinrichtung-Traunreut-600x900.jpg 600w, https:\/\/future-shape.com\/wp-content\/uploads\/2023\/06\/4-Spatenstich-Pflegeeinrichtung-Traunreut.jpg 800w\" sizes=\"(max-width: 640px) 100vw, 800px\"><\/span><\/div><\/div><\/div><div class=\"fusion-layout-column fusion_builder_column fusion-builder-column-2 fusion_builder_column_1_2 1_2 fusion-flex-column\" style=\"--awb-bg-size:cover;--awb-width-large:50%;--awb-margin-top-large:0px;--awb-spacing-right-large:3.84%;--awb-margin-bottom-large:20px;--awb-spacing-left-large:3.84%;--awb-width-medium:50%;--awb-order-medium:0;--awb-spacing-right-medium:3.84%;--awb-spacing-left-medium:3.84%;--awb-width-small:100%;--awb-order-small:0;--awb-spacing-right-small:1.92%;--awb-spacing-left-small:1.92%;\"><div class=\"fusion-column-wrapper fusion-column-has-shadow fusion-flex-justify-content-flex-start fusion-content-layout-column\"><div class=\"fusion-text fusion-text-2\"><h3>Un lieu de vie familier<\/h3>\n<p>Dans le nou\u00advel \u00e9ta\u00adblis\u00adse\u00adment, on doit pou\u00advoir viv\u00adre com\u00adme dans une gran\u00adde famil\u00adle. Il n\u2019y a pas d\u2019u\u00adni\u00adt\u00e9s de soins anony\u00admes, mais de petits grou\u00adpes de vie o\u00f9 l\u2019on cui\u00adsine et man\u00adge ensem\u00adble selon la m\u00e9tho\u00adde Cook and Chill. \u00c0 cet effet, les cui\u00adsines sont \u00e9qui\u00adp\u00e9es sans bar\u00adri\u00e8\u00adres, ce qui per\u00admet aux per\u00adson\u00adnes en fau\u00adteuil rou\u00adlant de les uti\u00adli\u00adser. Dans les grou\u00adpes d\u2019ha\u00adbi\u00adta\u00adti\u00adon, les cham\u00adbres indi\u00advi\u00addu\u00adel\u00adles avec salle de bain pri\u00adv\u00e9e sont stan\u00addard. Pour les cou\u00adples et sur deman\u00adde, il exis\u00adte des cham\u00adbres dou\u00adbles. Un quart des cham\u00adbres sont enti\u00e8\u00adre\u00adment \u00e9qui\u00adp\u00e9es pour les per\u00adson\u00adnes en fau\u00adteuil rou\u00adlant, c\u2019est-\u00e0-dire qu\u2019el\u00adles dis\u00adpo\u00adsent d\u2019un espace plus grand et d\u2019in\u00adstal\u00adla\u00adti\u00adons et de tech\u00adni\u00adques adap\u00adt\u00e9es aux fau\u00adteuils rou\u00adlants. Plu\u00ads\u00adieurs ter\u00adras\u00adses spa\u00adcieu\u00adses aux dif\u00adf\u00e9r\u00adents \u00e9ta\u00adges et un jar\u00addin am\u00e9\u00adna\u00adg\u00e9 avec soin invi\u00adtent \u00e0 la d\u00e9ten\u00adte. Les r\u00e9si\u00addents pro\u00adches de la natu\u00adre peu\u00advent s\u2019a\u00addon\u00adner au jar\u00addi\u00adna\u00adge dans des par\u00adterres sur\u00e9\u00adle\u00adv\u00e9s. Une caf\u00e9\u00adt\u00e9\u00adria, une gran\u00adde salle com\u00admu\u00adne et une peti\u00adte cha\u00adpel\u00adle com\u00adpl\u00e8\u00adtent l\u2019offre.<\/p>\n<h3>Espace de vie prot\u00e9g\u00e9<\/h3>\n<p>Les per\u00adson\u00adnes att\u00adein\u00adtes de d\u00e9mence s\u00e9v\u00e8\u00adre sont sou\u00advent d\u00e9s\u00adori\u00aden\u00adt\u00e9es. C\u2019est pour\u00adquoi elles ont beso\u00adin d\u2019un lieu de vie s\u00fbr et pro\u00adt\u00e9\u00adg\u00e9, dans lequel elles peu\u00advent se d\u00e9pla\u00adcer libre\u00adment et o\u00f9 elles b\u00e9n\u00e9\u00adfi\u00adci\u00adent d\u2019un sou\u00adti\u00aden th\u00e9\u00adra\u00adpeu\u00adtique. Les loge\u00adments pro\u00adt\u00e9\u00adg\u00e9s n\u00e9ces\u00adsi\u00adtent un inves\u00adtis\u00adse\u00adment en per\u00adson\u00adnel par\u00adti\u00adcu\u00adli\u00e8\u00adre\u00adment \u00e9le\u00adv\u00e9, ne sont sou\u00advent pas ren\u00adta\u00adbles pour les explo\u00aditants et sont donc une den\u00adr\u00e9e rare sur le mar\u00adch\u00e9 actuel des soins. Un grand espace de vie pro\u00adt\u00e9\u00adg\u00e9 est pr\u00e9\u00advu au rez-de-chaus\u00ads\u00e9e du nou\u00advel \u00e9ta\u00adblis\u00adse\u00adment de soins de Traun\u00adreut. Les cham\u00adbres sont regrou\u00adp\u00e9es autour d\u2019u\u00adne place de mar\u00adch\u00e9 recon\u00adsti\u00adtu\u00e9e, qui fait revi\u00adv\u00adre les sou\u00adve\u00adnirs et laisse lib\u00adre cours au beso\u00adin de mou\u00adve\u00adment li\u00e9 \u00e0 la mala\u00addie. Les r\u00e9si\u00addents peu\u00advent acc\u00e9\u00adder libre\u00adment et de mani\u00e8\u00adre auto\u00adno\u00adme \u00e0 leur pro\u00adpre jar\u00addin&nbsp;ferm\u00e9.<\/p>\n<\/div><\/div><\/div><\/div><\/div><div class=\"fusion-fullwidth fullwidth-box fusion-builder-row-3 fusion-flex-container has-pattern-background has-mask-background nonhundred-percent-fullwidth non-hundred-percent-height-scrolling gradient-container-3\" style=\"--awb-border-radius-top-left:0px;--awb-border-radius-top-right:0px;--awb-border-radius-bottom-right:0px;--awb-border-radius-bottom-left:0px;--awb-flex-wrap:wrap;\"><div class=\"fusion-builder-row fusion-row fusion-flex-align-items-flex-start fusion-flex-content-wrap\" style=\"max-width:1352px;margin-left: calc(-4% \/ 2 );margin-right: calc(-4% \/ 2 );\"><div class=\"fusion-layout-column fusion_builder_column fusion-builder-column-3 fusion_builder_column_1_2 1_2 fusion-flex-column\" style=\"--awb-bg-size:cover;--awb-width-large:50%;--awb-margin-top-large:0px;--awb-spacing-right-large:3.84%;--awb-margin-bottom-large:20px;--awb-spacing-left-large:3.84%;--awb-width-medium:50%;--awb-order-medium:0;--awb-spacing-right-medium:3.84%;--awb-spacing-left-medium:3.84%;--awb-width-small:100%;--awb-order-small:0;--awb-spacing-right-small:1.92%;--awb-spacing-left-small:1.92%;\"><div class=\"fusion-column-wrapper fusion-column-has-shadow fusion-flex-justify-content-flex-start fusion-content-layout-column\"><div class=\"fusion-image-element \" style=\"--awb-caption-title-font-family:var(--h2_typography-font-family);--awb-caption-title-font-weight:var(--h2_typography-font-weight);--awb-caption-title-font-style:var(--h2_typography-font-style);--awb-caption-title-size:var(--h2_typography-font-size);--awb-caption-title-transform:var(--h2_typography-text-transform);--awb-caption-title-line-height:var(--h2_typography-line-height);--awb-caption-title-letter-spacing:var(--h2_typography-letter-spacing);\"><span class=\" fusion-imageframe imageframe-none imageframe-2 hover-type-none\"><img decoding=\"async\" width=\"1200\" height=\"675\" title=\"Visualisierung-Pflegeeinrichtung-Traunreut\" src=\"https:\/\/future-shape.com\/wp-content\/uploads\/2023\/06\/Visualisierung-Pflegeeinrichtung-Traunreut.jpg\" alt class=\"img-responsive wp-image-4873\" srcset=\"https:\/\/future-shape.com\/wp-content\/uploads\/2023\/06\/Visualisierung-Pflegeeinrichtung-Traunreut-200x113.jpg 200w, https:\/\/future-shape.com\/wp-content\/uploads\/2023\/06\/Visualisierung-Pflegeeinrichtung-Traunreut-400x225.jpg 400w, https:\/\/future-shape.com\/wp-content\/uploads\/2023\/06\/Visualisierung-Pflegeeinrichtung-Traunreut-600x338.jpg 600w, https:\/\/future-shape.com\/wp-content\/uploads\/2023\/06\/Visualisierung-Pflegeeinrichtung-Traunreut-800x450.jpg 800w, https:\/\/future-shape.com\/wp-content\/uploads\/2023\/06\/Visualisierung-Pflegeeinrichtung-Traunreut.jpg 1200w\" sizes=\"(max-width: 640px) 100vw, 800px\"><\/span><\/div><\/div><\/div><div class=\"fusion-layout-column fusion_builder_column fusion-builder-column-4 fusion_builder_column_1_2 1_2 fusion-flex-column\" style=\"--awb-bg-size:cover;--awb-width-large:50%;--awb-margin-top-large:0px;--awb-spacing-right-large:3.84%;--awb-margin-bottom-large:20px;--awb-spacing-left-large:3.84%;--awb-width-medium:50%;--awb-order-medium:0;--awb-spacing-right-medium:3.84%;--awb-spacing-left-medium:3.84%;--awb-width-small:100%;--awb-order-small:0;--awb-spacing-right-small:1.92%;--awb-spacing-left-small:1.92%;\"><div class=\"fusion-column-wrapper fusion-column-has-shadow fusion-flex-justify-content-flex-start fusion-content-layout-column\"><div class=\"fusion-title title fusion-title-2 fusion-sep-none fusion-title-text fusion-title-size-three\" style=\"--awb-margin-top-small:10px;--awb-margin-right-small:0px;--awb-margin-bottom-small:10px;--awb-margin-left-small:0px;\"><h3 class=\"fusion-title-heading title-heading-left\" style=\"margin:0;text-transform:none;\">Des conditions de travail optimales<\/h3><\/div><div class=\"fusion-text fusion-text-3\"><p>La p\u00e9nurie de main-d\u2019\u0153u\u00advre qua\u00adli\u00adfi\u00e9e est un pro\u00adbl\u00e8\u00adme majeur pour le sec\u00adteur des soins. Des con\u00addi\u00adti\u00adons de tra\u00advail attra\u00adyan\u00adtes sont donc d\u2019au\u00adtant plus importan\u00adtes. Le con\u00adcept de grou\u00adpe de vie signi\u00adfie \u00e9ga\u00adle\u00adment un tra\u00advail plus agr\u00e9a\u00adble et plus indi\u00advi\u00addu\u00adel pour le per\u00adson\u00adnel. Tra\u00advail\u00adler en m\u00e9na\u00adgeant son dos est une prio\u00adri\u00adt\u00e9, tous les outils de tra\u00advail com\u00adme les lits, les bai\u00adgnoi\u00adres, les \u00e9l\u00e9\u00adva\u00adteurs, les bureaux, etc. sont aux nor\u00admes les plus moder\u00adnes et faci\u00adli\u00adtent le tra\u00advail quo\u00adti\u00addi\u00aden. Un grand bureau pour le per\u00adson\u00adnel de soins cr\u00e9e un espace d\u2019\u00e9\u00adch\u00adan\u00adge et de tra\u00advail agr\u00e9a\u00adble. Ici, <strong>la pi\u00e8\u00adce ma\u00ee\u00adtres\u00adse invi\u00adsi\u00adble de la r\u00e9si\u00addence est visi\u00adble \u00e0 l\u2019\u00e9\u00adcran : SensFloor.<\/strong><br>\n<strong><br>\n<\/strong><\/p>\n<\/div><\/div><\/div><\/div><\/div><div class=\"fusion-fullwidth fullwidth-box fusion-builder-row-4 fusion-flex-container has-pattern-background has-mask-background nonhundred-percent-fullwidth non-hundred-percent-height-scrolling gradient-container-4\" style=\"--awb-border-radius-top-left:0px;--awb-border-radius-top-right:0px;--awb-border-radius-bottom-right:0px;--awb-border-radius-bottom-left:0px;--awb-flex-wrap:wrap;\"><div class=\"fusion-builder-row fusion-row fusion-flex-align-items-flex-start fusion-flex-content-wrap\" style=\"max-width:1352px;margin-left: calc(-4% \/ 2 );margin-right: calc(-4% \/ 2 );\"><div class=\"fusion-layout-column fusion_builder_column fusion-builder-column-5 fusion_builder_column_1_1 1_1 fusion-flex-column\" style=\"--awb-bg-size:cover;--awb-width-large:100%;--awb-margin-top-large:0px;--awb-spacing-right-large:1.92%;--awb-margin-bottom-large:20px;--awb-spacing-left-large:1.92%;--awb-width-medium:100%;--awb-order-medium:0;--awb-spacing-right-medium:1.92%;--awb-spacing-left-medium:1.92%;--awb-width-small:100%;--awb-order-small:0;--awb-spacing-right-small:1.92%;--awb-spacing-left-small:1.92%;\"><div class=\"fusion-column-wrapper fusion-column-has-shadow fusion-flex-justify-content-flex-start fusion-content-layout-column\"><div class=\"fusion-title title fusion-title-3 fusion-sep-none fusion-title-text fusion-title-size-two\" style=\"--awb-margin-top-small:10px;--awb-margin-right-small:0px;--awb-margin-bottom-small:10px;--awb-margin-left-small:0px;\"><h2 class=\"fusion-title-heading title-heading-left\" style=\"margin:0;text-transform:none;\">SensFloor \u2014 un syst\u00e8me d\u2019assistance ultramoderne pour les&nbsp;soins<\/h2><\/div><\/div><\/div><div class=\"fusion-layout-column fusion_builder_column fusion-builder-column-6 fusion_builder_column_1_2 1_2 fusion-flex-column\" style=\"--awb-bg-size:cover;--awb-width-large:50%;--awb-margin-top-large:0px;--awb-spacing-right-large:3.84%;--awb-margin-bottom-large:20px;--awb-spacing-left-large:3.84%;--awb-width-medium:50%;--awb-order-medium:0;--awb-spacing-right-medium:3.84%;--awb-spacing-left-medium:3.84%;--awb-width-small:100%;--awb-order-small:0;--awb-spacing-right-small:1.92%;--awb-spacing-left-small:1.92%;\"><div class=\"fusion-column-wrapper fusion-column-has-shadow fusion-flex-justify-content-flex-start fusion-content-layout-column\"><div class=\"fusion-text fusion-text-4\"><p>Le sys\u00adt\u00e8me d\u2019as\u00adsis\u00adtance ultra\u00admo\u00adder\u00adne Sen\u00ads\u00adFlo\u00ador est instal\u00adl\u00e9 dans le sol des cham\u00adbres et s\u2019oc\u00adcupe 24 heu\u00adres sur 24 et 7 jours sur 7 des per\u00adson\u00adnes \u00e2g\u00e9es qui y vivent. En cas de chu\u00adte, Sen\u00ads\u00adFlo\u00ador aler\u00adte imm\u00e9\u00addia\u00adte\u00adment et auto\u00adma\u00adti\u00adquement le per\u00adson\u00adnel soignant. Tou\u00adte chu\u00adte est d\u00e9tec\u00adt\u00e9e en temps r\u00e9el et une aide rapi\u00adde, sou\u00advent vita\u00adle, est garan\u00adtie \u00e0 Traun\u00adreut. Un grand plus en mati\u00e8\u00adre de s\u00e9cu\u00adri\u00adt\u00e9 pour les per\u00adson\u00adnes \u00e2g\u00e9es. Afin d\u2019\u00e9\u00advi\u00adter les chu\u00adtes, les soignants sont m\u00eame pr\u00e9\u00adve\u00adnus, \u00e0 tit\u00adre pro\u00adphyl\u00adac\u00adtique, si un r\u00e9si\u00addent pr\u00e9\u00adsen\u00adtant un ris\u00adque de chu\u00adte se l\u00e8ve la nuit. Par\u00adal\u00adl\u00e8\u00adle\u00adment, des lumi\u00e8\u00adres d\u2019o\u00adri\u00aden\u00adta\u00adti\u00adon s\u2019allu\u00adment auto\u00adma\u00adti\u00adquement. L\u2019ac\u00adcom\u00adpa\u00adgne\u00adment vers la salle de bain, com\u00adbi\u00adn\u00e9 \u00e0 l\u2019ac\u00adti\u00adva\u00adti\u00adon des lumi\u00e8\u00adres, r\u00e9duit de mani\u00e8\u00adre signi\u00adfi\u00adca\u00adti\u00adve le ris\u00adque de chu\u00adte et les frac\u00adtures de la han\u00adche qui en r\u00e9sul\u00adtent. Le sol con\u00adnec\u00adt\u00e9 ne se con\u00adtente pas d\u2019en\u00advoy\u00ader des noti\u00adfi\u00adca\u00adti\u00adons et des alar\u00admes, il enre\u00adgist\u00adre en out\u00adre un mod\u00e8\u00adle de mou\u00adve\u00adment. De tels mod\u00e8\u00adles sont des param\u00e8\u00adtres signi\u00adfi\u00adca\u00adtifs dans l\u2019ob\u00adser\u00adva\u00adti\u00adon de l\u2019\u00e9\u00adtat de san\u00adt\u00e9 d\u2019u\u00adne per\u00adson\u00adne et peu\u00advent signal\u00ader une d\u00e9t\u00e9\u00adrio\u00adra\u00adti\u00adon \u00e0&nbsp;temps.<\/p>\n<\/div><div class=\"fusion-text fusion-text-5\"><p><strong>Les r\u00e9si\u00addents ne sont pas les seuls \u00e0 pro\u00adfi\u00adter du Sen\u00ads\u00adFlo\u00ador,<\/strong> <strong>le per\u00adson\u00adnel soignant aus\u00adsi<\/strong>. Ils sont auto\u00adma\u00adti\u00adquement infor\u00adm\u00e9s si l\u2019un de leurs r\u00e9si\u00addents est en dan\u00adger \u2014 une infor\u00adma\u00adti\u00adon rassu\u00adran\u00adte dans le stress des soins quo\u00adti\u00addi\u00adens. Sur le ter\u00admi\u00adnal de l\u2019u\u00adni\u00adt\u00e9 de soins du ser\u00advice, ils peu\u00advent \u00e9ga\u00adle\u00adment voir dans quel\u00adles cham\u00adbres les r\u00e9si\u00addents sont actifs ou dor\u00adment. Le tra\u00advail de l\u2019\u00e9\u00adqui\u00adpe est plus faci\u00adle \u00e0 pla\u00adni\u00adfier et les ron\u00addes de con\u00adtr\u00f4\u00adle inu\u00adtiles, notam\u00adment la nuit, peu\u00advent \u00eatre \u00e9vi\u00adt\u00e9es. Les r\u00e9si\u00addents, plus auto\u00adno\u00admes gr\u00e2ce au Sen\u00ads\u00adFlo\u00ador, b\u00e9n\u00e9\u00adfi\u00adci\u00adent d\u2019u\u00adne meil\u00adleu\u00adre qua\u00adli\u00adt\u00e9 de vie, ce qui a \u00e9ga\u00adle\u00adment un effet posi\u00adtif sur l\u2019am\u00adbi\u00adance de tra\u00advail dans l\u2019\u00e9tablissement.<\/p>\n<\/div><\/div><\/div><div class=\"fusion-layout-column fusion_builder_column fusion-builder-column-7 fusion_builder_column_1_2 1_2 fusion-flex-column\" style=\"--awb-bg-size:cover;--awb-width-large:50%;--awb-margin-top-large:0px;--awb-spacing-right-large:3.84%;--awb-margin-bottom-large:20px;--awb-spacing-left-large:3.84%;--awb-width-medium:50%;--awb-order-medium:0;--awb-spacing-right-medium:3.84%;--awb-spacing-left-medium:3.84%;--awb-width-small:100%;--awb-order-small:0;--awb-spacing-right-small:1.92%;--awb-spacing-left-small:1.92%;\"><div class=\"fusion-column-wrapper fusion-column-has-shadow fusion-flex-justify-content-flex-start fusion-content-layout-column\"><div class=\"fusion-builder-row fusion-builder-row-inner fusion-row fusion-flex-align-items-flex-start fusion-flex-content-wrap\" style=\"--awb-flex-grow:0;--awb-flex-grow-medium:0;--awb-flex-grow-small:0;--awb-flex-shrink:0;--awb-flex-shrink-medium:0;--awb-flex-shrink-small:0;width:104% !important;max-width:104% !important;margin-left: calc(-4% \/ 2 );margin-right: calc(-4% \/ 2 );\"><div class=\"fusion-layout-column fusion_builder_column_inner fusion-builder-nested-column-0 fusion_builder_column_inner_1_1 1_1 fusion-flex-column\" style=\"--awb-bg-size:cover;--awb-width-large:100%;--awb-margin-top-large:0px;--awb-spacing-right-large:1.92%;--awb-margin-bottom-large:20px;--awb-spacing-left-large:1.92%;--awb-width-medium:100%;--awb-order-medium:0;--awb-spacing-right-medium:1.92%;--awb-spacing-left-medium:1.92%;--awb-width-small:100%;--awb-order-small:0;--awb-spacing-right-small:1.92%;--awb-spacing-left-small:1.92%;\"><div class=\"fusion-column-wrapper fusion-column-has-shadow fusion-flex-justify-content-flex-start fusion-content-layout-column\"><div class=\"fusion-image-element \" style=\"--awb-caption-title-font-family:var(--h2_typography-font-family);--awb-caption-title-font-weight:var(--h2_typography-font-weight);--awb-caption-title-font-style:var(--h2_typography-font-style);--awb-caption-title-size:var(--h2_typography-font-size);--awb-caption-title-transform:var(--h2_typography-text-transform);--awb-caption-title-line-height:var(--h2_typography-line-height);--awb-caption-title-letter-spacing:var(--h2_typography-letter-spacing);\"><span class=\" fusion-imageframe imageframe-none imageframe-3 hover-type-none\"><img decoding=\"async\" width=\"2048\" height=\"1365\" title=\"SF-Care-Aktivit\u00e4tsmonitoring-Zimmerdarstellung\" src=\"https:\/\/future-shape.com\/wp-content\/uploads\/2023\/06\/SF-Care-Aktivitatsmonitoring-Zimmerdarstellung.jpg\" alt class=\"img-responsive wp-image-4877\" srcset=\"https:\/\/future-shape.com\/wp-content\/uploads\/2023\/06\/SF-Care-Aktivitatsmonitoring-Zimmerdarstellung-200x133.jpg 200w, https:\/\/future-shape.com\/wp-content\/uploads\/2023\/06\/SF-Care-Aktivitatsmonitoring-Zimmerdarstellung-400x267.jpg 400w, https:\/\/future-shape.com\/wp-content\/uploads\/2023\/06\/SF-Care-Aktivitatsmonitoring-Zimmerdarstellung-600x400.jpg 600w, https:\/\/future-shape.com\/wp-content\/uploads\/2023\/06\/SF-Care-Aktivitatsmonitoring-Zimmerdarstellung-800x533.jpg 800w, https:\/\/future-shape.com\/wp-content\/uploads\/2023\/06\/SF-Care-Aktivitatsmonitoring-Zimmerdarstellung-1200x800.jpg 1200w, https:\/\/future-shape.com\/wp-content\/uploads\/2023\/06\/SF-Care-Aktivitatsmonitoring-Zimmerdarstellung.jpg 2048w\" sizes=\"(max-width: 640px) 100vw, 2048px\"><\/span><\/div><div class=\"fusion-image-element \" style=\"--awb-caption-title-font-family:var(--h2_typography-font-family);--awb-caption-title-font-weight:var(--h2_typography-font-weight);--awb-caption-title-font-style:var(--h2_typography-font-style);--awb-caption-title-size:var(--h2_typography-font-size);--awb-caption-title-transform:var(--h2_typography-text-transform);--awb-caption-title-line-height:var(--h2_typography-line-height);--awb-caption-title-letter-spacing:var(--h2_typography-letter-spacing);\"><span class=\" fusion-imageframe imageframe-none imageframe-4 hover-type-none\"><img decoding=\"async\" width=\"1200\" height=\"800\" title=\"Programmer working in a software developing company\" src=\"https:\/\/future-shape.com\/wp-content\/uploads\/2023\/06\/SF-Life-Concierge_Laufwege-Zimmer.jpg\" alt class=\"img-responsive wp-image-4875\" srcset=\"https:\/\/future-shape.com\/wp-content\/uploads\/2023\/06\/SF-Life-Concierge_Laufwege-Zimmer-200x133.jpg 200w, https:\/\/future-shape.com\/wp-content\/uploads\/2023\/06\/SF-Life-Concierge_Laufwege-Zimmer-400x267.jpg 400w, https:\/\/future-shape.com\/wp-content\/uploads\/2023\/06\/SF-Life-Concierge_Laufwege-Zimmer-600x400.jpg 600w, https:\/\/future-shape.com\/wp-content\/uploads\/2023\/06\/SF-Life-Concierge_Laufwege-Zimmer-800x533.jpg 800w, https:\/\/future-shape.com\/wp-content\/uploads\/2023\/06\/SF-Life-Concierge_Laufwege-Zimmer.jpg 1200w\" sizes=\"(max-width: 640px) 100vw, 1200px\"><\/span><\/div><\/div><\/div><\/div><\/div><\/div><\/div><\/div><div class=\"fusion-fullwidth fullwidth-box fusion-builder-row-5 fusion-flex-container has-pattern-background has-mask-background nonhundred-percent-fullwidth non-hundred-percent-height-scrolling gradient-container-5\" style=\"--awb-border-radius-top-left:0px;--awb-border-radius-top-right:0px;--awb-border-radius-bottom-right:0px;--awb-border-radius-bottom-left:0px;--awb-flex-wrap:wrap;\"><div class=\"fusion-builder-row fusion-row fusion-flex-align-items-flex-start fusion-flex-content-wrap\" style=\"max-width:1352px;margin-left: calc(-4% \/ 2 );margin-right: calc(-4% \/ 2 );\"><div class=\"fusion-layout-column fusion_builder_column fusion-builder-column-8 fusion_builder_column_1_1 1_1 fusion-flex-column\" style=\"--awb-bg-size:cover;--awb-width-large:100%;--awb-margin-top-large:0px;--awb-spacing-right-large:1.92%;--awb-margin-bottom-large:20px;--awb-spacing-left-large:1.92%;--awb-width-medium:100%;--awb-order-medium:0;--awb-spacing-right-medium:1.92%;--awb-spacing-left-medium:1.92%;--awb-width-small:100%;--awb-order-small:0;--awb-spacing-right-small:1.92%;--awb-spacing-left-small:1.92%;\"><div class=\"fusion-column-wrapper fusion-column-has-shadow fusion-flex-justify-content-flex-start fusion-content-layout-column\"><div class=\"fusion-title title fusion-title-4 fusion-sep-none fusion-title-text fusion-title-size-two\" style=\"--awb-margin-top-small:10px;--awb-margin-right-small:0px;--awb-margin-bottom-small:10px;--awb-margin-left-small:0px;\"><h2 class=\"fusion-title-heading title-heading-left\" style=\"margin:0;text-transform:none;\">L\u2019exploitant est la soci\u00e9t\u00e9 SeniorenService Reif&nbsp;GmbH<\/h2><\/div><div class=\"fusion-text fusion-text-6\"><p>C\u2019est la soci\u00e9\u00adt\u00e9 Senio\u00adren\u00adSer\u00advice Reif GmbH qui prend en char\u00adge cet \u00e9ta\u00adblis\u00adse\u00adment excep\u00adti\u00adon\u00adnel. \u201cDans cet\u00adte nou\u00advel\u00adle mai\u00adson avec un con\u00adcept d\u2019ha\u00adbi\u00adtat poly\u00adva\u00adlent dans des grou\u00adpes d\u2019ha\u00adbi\u00adta\u00adti\u00adon fami\u00adliaux, nous pou\u00advons mett\u00adre \u00e0 pro\u00adfit not\u00adre longue exp\u00e9\u00adri\u00adence dans les soins et l\u2019ha\u00adbi\u00adtat des seni\u00adors et nous nous r\u00e9jouis\u00adsons de pou\u00advoir accom\u00adpa\u00adgner et g\u00e9rer ce pro\u00adjet uni\u00adque\u201d, d\u00e9cla\u00adre Alo\u00adis Reif, direc\u00adteur de la&nbsp;GmbH.<\/p>\n<p>\u201cRes\u00adter auto\u00adno\u00adme et ind\u00e9\u00adpen\u00addant, tout en \u00e9tant en s\u00e9cu\u00adri\u00adt\u00e9 et entou\u00adr\u00e9 jus\u00adqu\u2019\u00e0 un \u00e2ge avan\u00adc\u00e9. Nous pou\u00advons r\u00e9pond\u00adre \u00e0 cet\u00adte exi\u00adgence \u00e0 la fois simp\u00adle et tr\u00e8s \u00e9le\u00adv\u00e9e dans cet \u00e9ta\u00adblis\u00adse\u00adment et r\u00e9a\u00adli\u00adser nos objec\u00adtifs de mani\u00e8\u00adre opti\u00adma\u00adle\u201d, pour\u00adsu\u00adit Reif. L\u2019ar\u00adchi\u00adtec\u00adtu\u00adre attra\u00adyan\u00adte, la beau\u00adt\u00e9 et la moder\u00adni\u00adt\u00e9 de l\u2019\u00e9\u00adqui\u00adpe\u00adment et de la tech\u00adni\u00adque, asso\u00adci\u00e9es \u00e0 des soins pro\u00adfes\u00adsi\u00adon\u00adnels et \u00e0 un encad\u00adre\u00adment empa\u00adthi\u00adque, cr\u00e9\u00adent un foy\u00ader plein d\u2019amour.<\/p>\n<p><strong>Un pro\u00adjet de soins en som\u00adme excep\u00adti\u00adon\u00adnel, dont les futurs r\u00e9si\u00addents et leur per\u00adson\u00adnel soignant peu\u00advent d\u2019o\u00adres et d\u00e9j\u00e0 se r\u00e9jouir. Un con\u00adcept dont les explo\u00aditants, mais aus\u00adsi le dis\u00adtrict de Traun\u00adstein, peu\u00advent \u00eatre&nbsp;fiers&nbsp;!<\/strong><\/p>\n<\/div><div><a class=\"fusion-button button-flat fusion-button-default-size button-default fusion-button-default button-1 fusion-button-default-span fusion-button-default-type\" target=\"_blank\" rel=\"noopener noreferrer\" href=\"https:\/\/future-shape.com\/wp-content\/uploads\/2023\/09\/PR-Groundbreaking-ceremony-Traunreut-03-05-2022-Englisch.pdf\"><i class=\"fa-file-alt fal awb-button__icon awb-button__icon--default button-icon-left\" aria-hidden=\"true\"><\/i><span class=\"fusion-button-text awb-button__text awb-button__text--default\">Com\u00admu\u00adni\u00adqu\u00e9 de pres\u00adse en anglais<\/span><\/a><\/div><\/div><\/div><\/div><\/div><div class=\"fusion-fullwidth fullwidth-box fusion-builder-row-6 fusion-flex-container has-pattern-background has-mask-background nonhundred-percent-fullwidth non-hundred-percent-height-scrolling gradient-container-6\" style=\"--awb-border-radius-top-left:0px;--awb-border-radius-top-right:0px;--awb-border-radius-bottom-right:0px;--awb-border-radius-bottom-left:0px;--awb-flex-wrap:wrap;\"><div class=\"fusion-builder-row fusion-row fusion-flex-align-items-flex-start fusion-flex-content-wrap\" style=\"max-width:1352px;margin-left: calc(-4% \/ 2 );margin-right: calc(-4% \/ 2 );\"><div class=\"fusion-layout-column fusion_builder_column fusion-builder-column-9 fusion_builder_column_1_1 1_1 fusion-flex-column\" style=\"--awb-bg-size:cover;--awb-width-large:100%;--awb-margin-top-large:0px;--awb-spacing-right-large:1.92%;--awb-margin-bottom-large:20px;--awb-spacing-left-large:1.92%;--awb-width-medium:100%;--awb-order-medium:0;--awb-spacing-right-medium:1.92%;--awb-spacing-left-medium:1.92%;--awb-width-small:100%;--awb-order-small:0;--awb-spacing-right-small:1.92%;--awb-spacing-left-small:1.92%;\"><div class=\"fusion-column-wrapper fusion-column-has-shadow fusion-flex-justify-content-flex-start fusion-content-layout-column\"><div class=\"fusion-image-element \" style=\"--awb-caption-title-font-family:var(--h2_typography-font-family);--awb-caption-title-font-weight:var(--h2_typography-font-weight);--awb-caption-title-font-style:var(--h2_typography-font-style);--awb-caption-title-size:var(--h2_typography-font-size);--awb-caption-title-transform:var(--h2_typography-text-transform);--awb-caption-title-line-height:var(--h2_typography-line-height);--awb-caption-title-letter-spacing:var(--h2_typography-letter-spacing);\"><span class=\" fusion-imageframe imageframe-none imageframe-5 hover-type-none\"><img decoding=\"async\" width=\"1200\" height=\"800\" title=\"binary comment\" src=\"https:\/\/future-shape.com\/wp-content\/uploads\/2023\/06\/1b-Spatenstich-Pflegeeinrichtung-Traunreut.jpg\" alt class=\"img-responsive wp-image-4881\" srcset=\"https:\/\/future-shape.com\/wp-content\/uploads\/2023\/06\/1b-Spatenstich-Pflegeeinrichtung-Traunreut-200x133.jpg 200w, https:\/\/future-shape.com\/wp-content\/uploads\/2023\/06\/1b-Spatenstich-Pflegeeinrichtung-Traunreut-400x267.jpg 400w, https:\/\/future-shape.com\/wp-content\/uploads\/2023\/06\/1b-Spatenstich-Pflegeeinrichtung-Traunreut-600x400.jpg 600w, https:\/\/future-shape.com\/wp-content\/uploads\/2023\/06\/1b-Spatenstich-Pflegeeinrichtung-Traunreut-800x533.jpg 800w, https:\/\/future-shape.com\/wp-content\/uploads\/2023\/06\/1b-Spatenstich-Pflegeeinrichtung-Traunreut.jpg 1200w\" sizes=\"(max-width: 640px) 100vw, 1200px\"><\/span><\/div><div class=\"fusion-text fusion-text-7\" style=\"--awb-font-size:13px;--awb-margin-top:20px;\"><p>d.g.\u00e0.d.: Axel Stein\u00adha\u00adge (Future-Shape), inves\u00adtis\u00adseu\u00adse Christl Lau\u00adter\u00adbach (Sen\u00ads\u00adFlo\u00ador Care GmbH) avec Peter Wies\u00adner, Sebas\u00adti\u00adan Stoll (Future-Shape), Roland Hartl (Sta\u00adti\u00adker), Archi\u00adtec\u00adte Fr. Diess\u00adner (Diess\u00adner Archi\u00adtek\u00adten M\u00fcn\u00adchen), Max Tief\u00aden\u00adtha\u00adler (Inge\u00adnieur\u00adteam Rosen\u00adheim), Flo\u00adri\u00adan Reif et Petra Oer\u00adtel (Senio\u00adren\u00adSer\u00advice-Reif GmbH), Pro\u00adjekt\u00adent\u00adwick\u00adler Flo\u00adri\u00adan et Sebas\u00adti\u00adan Beh\u00adrend (IEB Care GmbH), Rein\u00adhold Schroll (mai\u00adre-adjoint Traunreut)<\/p>\n<\/div><\/div><\/div><\/div><\/div>\n","protected":false},"excerpt":{"rendered":"","protected":false},"author":1,"featured_media":4873,"menu_order":0,"comment_status":"open","ping_status":"closed","template":"","format":"standard","meta":{"_acf_changed":false,"wp_typography_post_enhancements_disabled":false,"footnotes":""},"portfolio_category":[69],"portfolio_skills":[],"portfolio_tags":[],"class_list":["post-5181","avada_portfolio","type-avada_portfolio","status-publish","format-standard","has-post-thumbnail","hentry","portfolio_category-sf-care-fr"],"acf":[],"_links":{"self":[{"href":"https:\/\/future-shape.com\/fr\/wp-json\/wp\/v2\/avada_portfolio\/5181","targetHints":{"allow":["GET"]}}],"collection":[{"href":"https:\/\/future-shape.com\/fr\/wp-json\/wp\/v2\/avada_portfolio"}],"about":[{"href":"https:\/\/future-shape.com\/fr\/wp-json\/wp\/v2\/types\/avada_portfolio"}],"author":[{"embeddable":true,"href":"https:\/\/future-shape.com\/fr\/wp-json\/wp\/v2\/users\/1"}],"replies":[{"embeddable":true,"href":"https:\/\/future-shape.com\/fr\/wp-json\/wp\/v2\/comments?post=5181"}],"version-history":[{"count":0,"href":"https:\/\/future-shape.com\/fr\/wp-json\/wp\/v2\/avada_portfolio\/5181\/revisions"}],"wp:featuredmedia":[{"embeddable":true,"href":"https:\/\/future-shape.com\/fr\/wp-json\/wp\/v2\/media\/4873"}],"wp:attachment":[{"href":"https:\/\/future-shape.com\/fr\/wp-json\/wp\/v2\/media?parent=5181"}],"wp:term":[{"taxonomy":"portfolio_category","embeddable":true,"href":"https:\/\/future-shape.com\/fr\/wp-json\/wp\/v2\/portfolio_category?post=5181"},{"taxonomy":"portfolio_skills","embeddable":true,"href":"https:\/\/future-shape.com\/fr\/wp-json\/wp\/v2\/portfolio_skills?post=5181"},{"taxonomy":"portfolio_tags","embeddable":true,"href":"https:\/\/future-shape.com\/fr\/wp-json\/wp\/v2\/portfolio_tags?post=5181"}],"curies":[{"name":"wp","href":"https:\/\/api.w.org\/{rel}","templated":true}]}}