{"id":6233,"date":"2023-10-12T13:58:16","date_gmt":"2023-10-12T11:58:16","guid":{"rendered":"https:\/\/future-shape.com\/?post_type=avada_portfolio&#038;p=6233"},"modified":"2023-10-12T15:03:50","modified_gmt":"2023-10-12T13:03:50","slug":"un-projet-phare-pour-les-residents-atteints-de-la-maladie-dalzheimer","status":"publish","type":"avada_portfolio","link":"https:\/\/future-shape.com\/fr\/portfolio-items\/un-projet-phare-pour-les-residents-atteints-de-la-maladie-dalzheimer\/","title":{"rendered":"Un projet phare pour les r\u00e9sidents atteints de la maladie d\u2019Alzheimer"},"content":{"rendered":"<div class=\"fusion-fullwidth fullwidth-box fusion-builder-row-1 fusion-flex-container has-pattern-background has-mask-background nonhundred-percent-fullwidth non-hundred-percent-height-scrolling gradient-container-1\" style=\"--awb-border-radius-top-left:0px;--awb-border-radius-top-right:0px;--awb-border-radius-bottom-right:0px;--awb-border-radius-bottom-left:0px;--awb-flex-wrap:wrap;\"><div class=\"fusion-builder-row fusion-row fusion-flex-align-items-flex-start fusion-flex-content-wrap\" style=\"max-width:1352px;margin-left: calc(-4% \/ 2 );margin-right: calc(-4% \/ 2 );\"><div class=\"fusion-layout-column fusion_builder_column fusion-builder-column-0 fusion_builder_column_1_2 1_2 fusion-flex-column\" style=\"--awb-bg-size:cover;--awb-width-large:50%;--awb-margin-top-large:0px;--awb-spacing-right-large:3.84%;--awb-margin-bottom-large:20px;--awb-spacing-left-large:3.84%;--awb-width-medium:50%;--awb-order-medium:0;--awb-spacing-right-medium:3.84%;--awb-spacing-left-medium:3.84%;--awb-width-small:100%;--awb-order-small:0;--awb-spacing-right-small:1.92%;--awb-spacing-left-small:1.92%;\"><div class=\"fusion-column-wrapper fusion-column-has-shadow fusion-flex-justify-content-flex-start fusion-content-layout-column\"><div class=\"fusion-video fusion-vimeo\" style=\"--awb-max-width:600px;--awb-max-height:360px;\"><div class=\"video-shortcode\"><div class=\"fluid-width-video-wrapper\" style=\"padding-top:60%;\"><iframe title=\"Vimeo video player 1\" src=\"https:\/\/player.vimeo.com\/video\/850484254?autoplay=0&amp;autopause=0\" width=\"600\" height=\"360\" allowfullscreen allow=\"autoplay; fullscreen\"><\/iframe><\/div><\/div><\/div><div class=\"fusion-image-element \" style=\"--awb-margin-bottom:20px;--awb-caption-title-font-family:var(--h2_typography-font-family);--awb-caption-title-font-weight:var(--h2_typography-font-weight);--awb-caption-title-font-style:var(--h2_typography-font-style);--awb-caption-title-size:var(--h2_typography-font-size);--awb-caption-title-transform:var(--h2_typography-text-transform);--awb-caption-title-line-height:var(--h2_typography-line-height);--awb-caption-title-letter-spacing:var(--h2_typography-letter-spacing);\"><span class=\" fusion-imageframe imageframe-none imageframe-1 hover-type-none\"><img decoding=\"async\" width=\"2560\" height=\"1705\" title=\"Foto-50\" src=\"https:\/\/future-shape.com\/wp-content\/uploads\/2023\/09\/Foto-50-scaled.jpg\" alt class=\"img-responsive wp-image-5322\" srcset=\"https:\/\/future-shape.com\/wp-content\/uploads\/2023\/09\/Foto-50-200x133.jpg 200w, https:\/\/future-shape.com\/wp-content\/uploads\/2023\/09\/Foto-50-400x266.jpg 400w, https:\/\/future-shape.com\/wp-content\/uploads\/2023\/09\/Foto-50-600x400.jpg 600w, https:\/\/future-shape.com\/wp-content\/uploads\/2023\/09\/Foto-50-800x533.jpg 800w, https:\/\/future-shape.com\/wp-content\/uploads\/2023\/09\/Foto-50-1200x799.jpg 1200w, https:\/\/future-shape.com\/wp-content\/uploads\/2023\/09\/Foto-50-scaled.jpg 2560w\" sizes=\"(max-width: 640px) 100vw, 800px\"><\/span><\/div><div class=\"fusion-image-element \" style=\"--awb-margin-bottom:20px;--awb-caption-title-font-family:var(--h2_typography-font-family);--awb-caption-title-font-weight:var(--h2_typography-font-weight);--awb-caption-title-font-style:var(--h2_typography-font-style);--awb-caption-title-size:var(--h2_typography-font-size);--awb-caption-title-transform:var(--h2_typography-text-transform);--awb-caption-title-line-height:var(--h2_typography-line-height);--awb-caption-title-letter-spacing:var(--h2_typography-letter-spacing);\"><span class=\" fusion-imageframe imageframe-none imageframe-2 hover-type-none\"><img decoding=\"async\" width=\"1024\" height=\"683\" title=\"Stationsterminal im Foyer Borohr\u00e1dek-highres\" src=\"https:\/\/future-shape.com\/wp-content\/uploads\/2023\/09\/Stationsterminal-im-Foyer-Borohradek-highres-1024x683.jpg\" alt class=\"img-responsive wp-image-6122\" srcset=\"https:\/\/future-shape.com\/wp-content\/uploads\/2023\/09\/Stationsterminal-im-Foyer-Borohradek-highres-200x133.jpg 200w, https:\/\/future-shape.com\/wp-content\/uploads\/2023\/09\/Stationsterminal-im-Foyer-Borohradek-highres-400x267.jpg 400w, https:\/\/future-shape.com\/wp-content\/uploads\/2023\/09\/Stationsterminal-im-Foyer-Borohradek-highres-600x400.jpg 600w, https:\/\/future-shape.com\/wp-content\/uploads\/2023\/09\/Stationsterminal-im-Foyer-Borohradek-highres-800x533.jpg 800w, https:\/\/future-shape.com\/wp-content\/uploads\/2023\/09\/Stationsterminal-im-Foyer-Borohradek-highres-1200x800.jpg 1200w\" sizes=\"(max-width: 640px) 100vw, 800px\"><\/span><\/div><div class=\"fusion-image-element \" style=\"--awb-margin-bottom:20px;--awb-caption-title-font-family:var(--h2_typography-font-family);--awb-caption-title-font-weight:var(--h2_typography-font-weight);--awb-caption-title-font-style:var(--h2_typography-font-style);--awb-caption-title-size:var(--h2_typography-font-size);--awb-caption-title-transform:var(--h2_typography-text-transform);--awb-caption-title-line-height:var(--h2_typography-line-height);--awb-caption-title-letter-spacing:var(--h2_typography-letter-spacing);\"><span class=\" fusion-imageframe imageframe-none imageframe-3 hover-type-none\"><img decoding=\"async\" width=\"1024\" height=\"683\" title=\"Attraktiver Arbeitgeber-highres\" src=\"https:\/\/future-shape.com\/wp-content\/uploads\/2023\/09\/Attraktiver-Arbeitgeber-highres-1024x683.jpg\" alt class=\"img-responsive wp-image-6114\" srcset=\"https:\/\/future-shape.com\/wp-content\/uploads\/2023\/09\/Attraktiver-Arbeitgeber-highres-200x133.jpg 200w, https:\/\/future-shape.com\/wp-content\/uploads\/2023\/09\/Attraktiver-Arbeitgeber-highres-400x267.jpg 400w, https:\/\/future-shape.com\/wp-content\/uploads\/2023\/09\/Attraktiver-Arbeitgeber-highres-600x400.jpg 600w, https:\/\/future-shape.com\/wp-content\/uploads\/2023\/09\/Attraktiver-Arbeitgeber-highres-800x533.jpg 800w, https:\/\/future-shape.com\/wp-content\/uploads\/2023\/09\/Attraktiver-Arbeitgeber-highres-1200x800.jpg 1200w\" sizes=\"(max-width: 640px) 100vw, 800px\"><\/span><\/div><div class=\"fusion-image-element \" style=\"--awb-margin-bottom:20px;--awb-caption-title-font-family:var(--h2_typography-font-family);--awb-caption-title-font-weight:var(--h2_typography-font-weight);--awb-caption-title-font-style:var(--h2_typography-font-style);--awb-caption-title-size:var(--h2_typography-font-size);--awb-caption-title-transform:var(--h2_typography-text-transform);--awb-caption-title-line-height:var(--h2_typography-line-height);--awb-caption-title-letter-spacing:var(--h2_typography-letter-spacing);\"><span class=\" fusion-imageframe imageframe-none imageframe-4 hover-type-none\"><img decoding=\"async\" width=\"1024\" height=\"683\" title=\"Betreuung bei Demenz-highres\" src=\"https:\/\/future-shape.com\/wp-content\/uploads\/2023\/09\/Betreuung-bei-Demenz-highres-1024x683.jpg\" alt class=\"img-responsive wp-image-6118\" srcset=\"https:\/\/future-shape.com\/wp-content\/uploads\/2023\/09\/Betreuung-bei-Demenz-highres-200x133.jpg 200w, https:\/\/future-shape.com\/wp-content\/uploads\/2023\/09\/Betreuung-bei-Demenz-highres-400x267.jpg 400w, https:\/\/future-shape.com\/wp-content\/uploads\/2023\/09\/Betreuung-bei-Demenz-highres-600x400.jpg 600w, https:\/\/future-shape.com\/wp-content\/uploads\/2023\/09\/Betreuung-bei-Demenz-highres-800x533.jpg 800w, https:\/\/future-shape.com\/wp-content\/uploads\/2023\/09\/Betreuung-bei-Demenz-highres-1200x800.jpg 1200w\" sizes=\"(max-width: 640px) 100vw, 800px\"><\/span><\/div><\/div><\/div><div class=\"fusion-layout-column fusion_builder_column fusion-builder-column-1 fusion_builder_column_1_2 1_2 fusion-flex-column\" style=\"--awb-bg-size:cover;--awb-width-large:50%;--awb-margin-top-large:0px;--awb-spacing-right-large:3.84%;--awb-margin-bottom-large:20px;--awb-spacing-left-large:3.84%;--awb-width-medium:50%;--awb-order-medium:0;--awb-spacing-right-medium:3.84%;--awb-spacing-left-medium:3.84%;--awb-width-small:100%;--awb-order-small:0;--awb-spacing-right-small:1.92%;--awb-spacing-left-small:1.92%;\"><div class=\"fusion-column-wrapper fusion-column-has-shadow fusion-flex-justify-content-flex-start fusion-content-layout-column\"><div class=\"fusion-title title fusion-title-1 fusion-sep-none fusion-title-text fusion-title-size-two\" style=\"--awb-margin-top-small:10px;--awb-margin-right-small:0px;--awb-margin-bottom-small:10px;--awb-margin-left-small:0px;\"><h2 class=\"fusion-title-heading title-heading-left\" style=\"margin:0;text-transform:none;\">Un projet phare pour les r\u00e9sidents atteints de la maladie d\u2019Alzheimer<\/h2><\/div><div class=\"fusion-text fusion-text-1\"><p>En R\u00e9pu\u00adbli\u00adque Tch\u00e8\u00adque, dans la peti\u00adte ville de Borohr\u00e1\u00addek, se trouve un pro\u00adjet pha\u00adre pour les seni\u00adors att\u00adeints de la mala\u00addie d\u2019Alzheimer.<\/p>\n<p><strong>Le b\u00e2ti\u00adment est d\u00e9j\u00e0 sp\u00e9\u00adcia\u00adle\u00adment adap\u00adt\u00e9 aux beso\u00adins des per\u00adson\u00adnes att\u00adein\u00adtes de d\u00e9mence.<\/strong><\/p>\n<p>Il se com\u00adpo\u00adse de trois ailes, chacu\u00adne abri\u00adt\u00adant une com\u00admun\u00adau\u00adt\u00e9 d\u2019ha\u00adbi\u00adta\u00adti\u00adon ind\u00e9\u00adpen\u00addan\u00adte. Huit r\u00e9si\u00addents vivent dans une aile, un peu com\u00adme dans une mai\u00adson indi\u00advi\u00addu\u00adel\u00adle. Chaque colo\u00adca\u00adti\u00adon dis\u00adpo\u00adse de sa pro\u00adpre salle de s\u00e9jour spa\u00adcieu\u00adse o\u00f9 les repas peu\u00advent \u00eatre pris en com\u00admun. Cet envi\u00adron\u00adne\u00adment de vie, on ne peut plus fami\u00adli\u00adal, per\u00admet aux r\u00e9si\u00addents att\u00adeints de la mala\u00addie d\u2019Alz\u00adhei\u00admer de trou\u00adver leurs rep\u00e8\u00adres de mani\u00e8\u00adre optimale.<\/p>\n<p>Au rez-de-chaus\u00ads\u00e9e, les trois ailes se rejoig\u00adn\u00adent dans un vas\u00adte hall d\u2019en\u00adtr\u00e9e qui peut \u00eatre uti\u00adli\u00ads\u00e9 pour des \u00e9v\u00e9\u00adne\u00adments avec tous les r\u00e9si\u00addents. C\u2019est ici que se d\u00e9rou\u00adlent des acti\u00advi\u00adt\u00e9s tel\u00adles que la th\u00e9\u00adra\u00adpie cani\u00adne, des ate\u00adliers de c\u00e9ra\u00admi\u00adque et de pein\u00adture, ain\u00adsi que des super\u00advi\u00adsi\u00adons r\u00e9gu\u00adli\u00e8\u00adres avec le per\u00adson\u00adnel soignant et les r\u00e9si\u00addents. En out\u00adre, une salle de mas\u00adsa\u00adge avec lumi\u00adno\u00adth\u00e9\u00adra\u00adpie cont\u00adre la d\u00e9pres\u00adsi\u00adon se trouve dans l\u2019en\u00adtr\u00e9e et peut \u00eatre uti\u00adli\u00ads\u00e9e aus\u00adsi bien par les r\u00e9si\u00addents que par le per\u00adson\u00adnel soignant. Des objets et des images du pas\u00ads\u00e9 sont uti\u00adli\u00ads\u00e9s de mani\u00e8\u00adre cibl\u00e9e afin d\u2019ac\u00adti\u00adver la m\u00e9moi\u00adre des r\u00e9si\u00addents et de sti\u00admu\u00adler les conversations.<\/p>\n<p><strong>La plus gran\u00adde importance est accor\u00add\u00e9e \u00e0 l\u2019in\u00adti\u00admi\u00adt\u00e9 et \u00e0 l\u2019autonomie.<\/strong><\/p>\n<p>C\u2019est pour\u00adquoi le direc\u00adteur Karel Vacek a beau\u00adcoup r\u00e9fl\u00e9\u00adchi en amont et a \u00e9la\u00adbo\u00adr\u00e9 un con\u00adcept qui sou\u00adti\u00adent de mani\u00e8\u00adre opti\u00adma\u00adle la vie et le tra\u00advail dans une mai\u00adson de soins pour les pati\u00adents att\u00adeints de la mala\u00addie d\u2019Alz\u00adhei\u00admer. Le sys\u00adt\u00e8me d\u2019as\u00adsis\u00adtance Sen\u00ads\u00adFlo\u00ador fait par\u00adtie de ce con\u00adcept. Dans tou\u00adtes les cham\u00adbres \u00e0 couch\u00ader, le sys\u00adt\u00e8me de cap\u00adteurs est int\u00e9\u00adg\u00adr\u00e9 sous le sol et veil\u00adle sur ses occu\u00adpants. Si quel\u00adqu\u2019un tom\u00adbe dans sa chambre, le sys\u00adt\u00e8me le remar\u00adque imm\u00e9\u00addia\u00adte\u00adment. Il appel\u00adle auto\u00adma\u00adti\u00adquement un soignant \u00e0 l\u2019ai\u00adde, sans que les r\u00e9si\u00addents aient \u00e0 appuy\u00ader sur des bou\u00adtons dont ils ne se sou\u00advi\u00aden\u00adnent peut-\u00eatre plus. Le sys\u00adt\u00e8me d\u2019as\u00adsis\u00adtance est instal\u00adl\u00e9 de mani\u00e8\u00adre invi\u00adsi\u00adble dans le sol. Il ne per\u00adtur\u00adbe pas l\u2019at\u00admo\u00adsph\u00e8\u00adre de l\u2019ha\u00adbi\u00adtat et ne per\u00adtur\u00adbe pas non plus les r\u00e9si\u00addents qui y vivent.<\/p>\n<p>\u201cLe per\u00adson\u00adnel de soin appr\u00e9\u00adcie le sys\u00adt\u00e8me d\u2019as\u00adsis\u00adtance sur\u00adtout la nuit, lors\u00adqu\u2019un seul col\u00adla\u00adbo\u00adra\u00adteur est responsable des trois grou\u00adpes d\u2019ha\u00adbi\u00adta\u00adti\u00adon. Un \u00e9cran g\u00e9ant est accro\u00adch\u00e9 dans le foy\u00ader, sur lequel le ter\u00admi\u00adnal de sta\u00adti\u00adon Sen\u00ads\u00adFlo\u00ador est repr\u00e9\u00adsen\u00adt\u00e9 avec un bref aper\u00ad\u00e7u de tou\u00adtes les cham\u00adbres. Chaque chambre est rep\u00e9\u00adsen\u00adt\u00e9e par un car\u00adr\u00e9 de cou\u00adleur sur l\u2019\u00e9\u00adcran. La cou\u00adleur affi\u00adch\u00e9e per\u00admet aux soignants de voir imm\u00e9\u00addia\u00adte\u00adment si un r\u00e9si\u00addent est au lit ou s\u2019il s\u2019est lev\u00e9. Le per\u00adson\u00adnel de nuit peut alors effec\u00adtuer des recher\u00adches cibl\u00e9es dans ces cham\u00adbres et, selon la situa\u00adti\u00adon, accom\u00adpa\u00adgner les r\u00e9si\u00addents aux toi\u00adlet\u00adtes ou leur tenir com\u00adpa\u00adgnie afin de les aider \u00e0 s\u2019en\u00addorm\u00adir. Si l\u2019un des seni\u00adors se perd et ent\u00adre par err\u00adeur dans une mau\u00advai\u00adse chambre, cela est \u00e9ga\u00adle\u00adment signa\u00adl\u00e9 sur le ter\u00admi\u00adnal du ser\u00advice. Un sen\u00adti\u00adment rassu\u00adrant pour le per\u00adson\u00adnel, de jour com\u00adme de nuit. Ici, le tra\u00advail est un plai\u00adsir et aucun des employ\u00e9s ne pour\u00adrait plus se pas\u00adser de Sen\u00ads\u00adFlo\u00ador au tra\u00advail. Le direc\u00adteur g\u00e9n\u00e9\u00adral, Mon\u00adsieur Vacek, le remar\u00adque \u00e9ga\u00adle\u00adment : \u201cNous avons bien s\u00fbr une longue lis\u00adte d\u2019at\u00adten\u00adte pour nos cham\u00adbres. Mais nous avons \u00e9ga\u00adle\u00adment pu pour\u00advoir rapi\u00adde\u00adment tous nos pos\u00adtes vacants. Des col\u00adla\u00adbo\u00adra\u00adteurs satis\u00adfaits me tien\u00adnent \u00e0 c\u0153ur. Ils sont l\u2019al\u00adpha et l\u2019o\u00adm\u00e9\u00adga d\u2019un fon\u00adc\u00adtion\u00adne\u00adment sans fail\u00adle, d\u2019u\u00adne atmo\u00adsph\u00e8\u00adre agr\u00e9a\u00adble et de r\u00e9si\u00addents heu\u00adreux. Nous som\u00admes en train de pla\u00adni\u00adfier la con\u00ads\u00adtruc\u00adtion d\u2019u\u00adne aut\u00adre mai\u00adson de soins et nous y instal\u00adle\u00adrons \u00e9ga\u00adle\u00adment SensFloor\u201d.<\/p>\n<\/div><\/div><\/div><\/div><\/div>\n","protected":false},"excerpt":{"rendered":"","protected":false},"author":4,"featured_media":5322,"menu_order":0,"comment_status":"open","ping_status":"closed","template":"","format":"standard","meta":{"_acf_changed":false,"wp_typography_post_enhancements_disabled":false,"footnotes":""},"portfolio_category":[69],"portfolio_skills":[],"portfolio_tags":[],"class_list":["post-6233","avada_portfolio","type-avada_portfolio","status-publish","format-standard","has-post-thumbnail","hentry","portfolio_category-sf-care-fr"],"acf":[],"_links":{"self":[{"href":"https:\/\/future-shape.com\/fr\/wp-json\/wp\/v2\/avada_portfolio\/6233","targetHints":{"allow":["GET"]}}],"collection":[{"href":"https:\/\/future-shape.com\/fr\/wp-json\/wp\/v2\/avada_portfolio"}],"about":[{"href":"https:\/\/future-shape.com\/fr\/wp-json\/wp\/v2\/types\/avada_portfolio"}],"author":[{"embeddable":true,"href":"https:\/\/future-shape.com\/fr\/wp-json\/wp\/v2\/users\/4"}],"replies":[{"embeddable":true,"href":"https:\/\/future-shape.com\/fr\/wp-json\/wp\/v2\/comments?post=6233"}],"version-history":[{"count":0,"href":"https:\/\/future-shape.com\/fr\/wp-json\/wp\/v2\/avada_portfolio\/6233\/revisions"}],"wp:featuredmedia":[{"embeddable":true,"href":"https:\/\/future-shape.com\/fr\/wp-json\/wp\/v2\/media\/5322"}],"wp:attachment":[{"href":"https:\/\/future-shape.com\/fr\/wp-json\/wp\/v2\/media?parent=6233"}],"wp:term":[{"taxonomy":"portfolio_category","embeddable":true,"href":"https:\/\/future-shape.com\/fr\/wp-json\/wp\/v2\/portfolio_category?post=6233"},{"taxonomy":"portfolio_skills","embeddable":true,"href":"https:\/\/future-shape.com\/fr\/wp-json\/wp\/v2\/portfolio_skills?post=6233"},{"taxonomy":"portfolio_tags","embeddable":true,"href":"https:\/\/future-shape.com\/fr\/wp-json\/wp\/v2\/portfolio_tags?post=6233"}],"curies":[{"name":"wp","href":"https:\/\/api.w.org\/{rel}","templated":true}]}}